{"id":3979,"date":"2024-06-18T18:58:29","date_gmt":"2024-06-18T16:58:29","guid":{"rendered":"https:\/\/agir.planete-eed.org\/120minutes\/?page_id=3979"},"modified":"2024-10-31T17:56:56","modified_gmt":"2024-10-31T16:56:56","slug":"projets-2024","status":"publish","type":"page","link":"https:\/\/agir.planete-eed.org\/120minutes\/projets-2024\/","title":{"rendered":"Les projets 2024"},"content":{"rendered":"<p>[et_pb_section fb_built=\u00a0\u00bb1&Prime; _builder_version=\u00a0\u00bb4.24.3&Prime; _module_preset=\u00a0\u00bbdefault\u00a0\u00bb max_height=\u00a0\u00bb100%\u00a0\u00bb custom_margin=\u00a0\u00bb||-60px||false|false\u00a0\u00bb global_colors_info=\u00a0\u00bb{}\u00a0\u00bb][et_pb_row _builder_version=\u00a0\u00bb4.17.4&Prime; _module_preset=\u00a0\u00bbdefault\u00a0\u00bb custom_margin=\u00a0\u00bb0px||-35px||false|false\u00a0\u00bb global_colors_info=\u00a0\u00bb{}\u00a0\u00bb][et_pb_column type=\u00a0\u00bb4_4&Prime; _builder_version=\u00a0\u00bb4.17.3&Prime; _module_preset=\u00a0\u00bbdefault\u00a0\u00bb global_colors_info=\u00a0\u00bb{}\u00a0\u00bb][et_pb_text _builder_version=\u00a0\u00bb4.24.3&Prime; _module_preset=\u00a0\u00bbdefault\u00a0\u00bb text_font=\u00a0\u00bbMontserrat|800|||||||\u00a0\u00bb header_font=\u00a0\u00bbMontserrat|800||on|||||\u00a0\u00bb header_text_align=\u00a0\u00bbcenter\u00a0\u00bb header_text_color=\u00a0\u00bb#000000&Prime; header_font_size=\u00a0\u00bb34px\u00a0\u00bb header_2_font=\u00a0\u00bbBaumans||||||||\u00a0\u00bb header_2_text_align=\u00a0\u00bbcenter\u00a0\u00bb header_2_font_size=\u00a0\u00bb35px\u00a0\u00bb custom_margin=\u00a0\u00bb||8px|||\u00a0\u00bb hover_enabled=\u00a0\u00bb0&Prime; global_colors_info=\u00a0\u00bb{}\u00a0\u00bb sticky_enabled=\u00a0\u00bb0&Prime;]<\/p>\n<h1>L&rsquo;\u00e9dition 2024<\/h1>\n<p>[\/et_pb_text][et_pb_video src=\u00a0\u00bbhttps:\/\/youtu.be\/iLTSu-aGmGQ\u00a0\u00bb _builder_version=\u00a0\u00bb4.24.3&Prime; _module_preset=\u00a0\u00bbdefault\u00a0\u00bb max_width=\u00a0\u00bb60%\u00a0\u00bb module_alignment=\u00a0\u00bbcenter\u00a0\u00bb hover_enabled=\u00a0\u00bb0&Prime; sticky_enabled=\u00a0\u00bb0&Prime;][\/et_pb_video][et_pb_divider _builder_version=\u00a0\u00bb4.24.3&Prime; _module_preset=\u00a0\u00bbdefault\u00a0\u00bb color=\u00a0\u00bb#4C4C4C\u00a0\u00bb hover_enabled=\u00a0\u00bb0&Prime; sticky_enabled=\u00a0\u00bb0&Prime;][\/et_pb_divider][\/et_pb_column][\/et_pb_row][\/et_pb_section][et_pb_section fb_built=\u00a0\u00bb1&Prime; admin_label=\u00a0\u00bb Section\u00a0\u00bb _builder_version=\u00a0\u00bb4.21.0&Prime; background_enable_color=\u00a0\u00bboff\u00a0\u00bb background_enable_image=\u00a0\u00bboff\u00a0\u00bb transform_translate=\u00a0\u00bb0px|-10px\u00a0\u00bb max_height=\u00a0\u00bb100%\u00a0\u00bb global_colors_info=\u00a0\u00bb{}\u00a0\u00bb][et_pb_row column_structure=\u00a0\u00bb1_4,1_2,1_4&Prime; admin_label=\u00a0\u00bbsous section\u00a0\u00bb module_id=\u00a0\u00bbstephanie\u00a0\u00bb _builder_version=\u00a0\u00bb4.24.3&Prime; background_color=\u00a0\u00bb#FFFFFF\u00a0\u00bb width=\u00a0\u00bb100%\u00a0\u00bb max_width=\u00a0\u00bb100%\u00a0\u00bb min_height=\u00a0\u00bb414.1px\u00a0\u00bb animation_style=\u00a0\u00bbslide\u00a0\u00bb animation_direction=\u00a0\u00bbtop\u00a0\u00bb animation_intensity_slide=\u00a0\u00bb4%\u00a0\u00bb animation_starting_opacity=\u00a0\u00bb100%\u00a0\u00bb global_colors_info=\u00a0\u00bb{}\u00a0\u00bb][et_pb_column type=\u00a0\u00bb1_4&Prime; _builder_version=\u00a0\u00bb4.16&Prime; custom_padding=\u00a0\u00bb|||\u00a0\u00bb global_colors_info=\u00a0\u00bb{}\u00a0\u00bb custom_padding__hover=\u00a0\u00bb|||\u00a0\u00bb][et_pb_image src=\u00a0\u00bbhttps:\/\/agir.planete-eed.org\/120minutes\/wp-content\/uploads\/sites\/18\/2024\/06\/PEED_creche-Cambodge.jpg\u00a0\u00bb alt=\u00a0\u00bbUne soir\u00e9e de g\u00e9n\u00e9rosit\u00e9 au profit des enfants d\u00e9favoris\u00e9s du monde, propos\u00e9e par Plan\u00e8te Enfants &#038; D\u00e9veloppement\u00a0\u00bb title_text=\u00a0\u00bbPEED_creche-Cambodge\u00a0\u00bb _builder_version=\u00a0\u00bb4.24.3&Prime; _module_preset=\u00a0\u00bbdefault\u00a0\u00bb global_colors_info=\u00a0\u00bb{}\u00a0\u00bb][\/et_pb_image][\/et_pb_column][et_pb_column type=\u00a0\u00bb1_2&Prime; _builder_version=\u00a0\u00bb4.16&Prime; custom_padding=\u00a0\u00bb|||\u00a0\u00bb global_colors_info=\u00a0\u00bb{}\u00a0\u00bb custom_padding__hover=\u00a0\u00bb|||\u00a0\u00bb][et_pb_text _builder_version=\u00a0\u00bb4.24.3&Prime; _module_preset=\u00a0\u00bbdefault\u00a0\u00bb text_font=\u00a0\u00bbMontserrat||||||||\u00a0\u00bb text_text_color=\u00a0\u00bb#FFFFFF\u00a0\u00bb header_text_color=\u00a0\u00bb#234b5a\u00a0\u00bb header_2_font=\u00a0\u00bbMontserrat|800|on|on|||||\u00a0\u00bb header_2_text_color=\u00a0\u00bb#4C4C4C\u00a0\u00bb header_2_font_size=\u00a0\u00bb19px\u00a0\u00bb transform_translate=\u00a0\u00bb-30px|0px\u00a0\u00bb custom_margin=\u00a0\u00bb||5px||false|false\u00a0\u00bb custom_padding_tablet=\u00a0\u00bb|||55px|false|false\u00a0\u00bb custom_padding_phone=\u00a0\u00bb\u00a0\u00bb custom_padding_last_edited=\u00a0\u00bbon|desktop\u00a0\u00bb global_colors_info=\u00a0\u00bb{}\u00a0\u00bb]<\/p>\n<h2 style=\"text-align: left;\">Accompagner 13 cr\u00e8ches municipales vers l&rsquo;autonomie en maintenant un service de qualit\u00e9 \/ Cambodge<\/h2>\n<p>[\/et_pb_text][et_pb_text _builder_version=\u00a0\u00bb4.24.3&Prime; _module_preset=\u00a0\u00bbdefault\u00a0\u00bb text_font=\u00a0\u00bbMontserrat||||||||\u00a0\u00bb text_text_color=\u00a0\u00bb#4C4C4C\u00a0\u00bb text_font_size=\u00a0\u00bb15px\u00a0\u00bb background_color=\u00a0\u00bbRGBA(0,0,0,0)\u00a0\u00bb transform_translate=\u00a0\u00bb-37px|0px\u00a0\u00bb background_layout=\u00a0\u00bbdark\u00a0\u00bb max_width=\u00a0\u00bb100%\u00a0\u00bb max_height=\u00a0\u00bb100%\u00a0\u00bb custom_padding_tablet=\u00a0\u00bb|||60px|false|false\u00a0\u00bb custom_padding_phone=\u00a0\u00bb\u00a0\u00bb custom_padding_last_edited=\u00a0\u00bbon|desktop\u00a0\u00bb global_colors_info=\u00a0\u00bb{}\u00a0\u00bb]<\/p>\n<p><span>Les syst\u00e8mes de garde collectifs des jeunes enfants, priv\u00e9s et peu abordables, restent rares au Cambodge. Pourtant, les parents sont de plus en plus r\u00e9ticents \u00e0 confier leurs enfants \u00e0 des grands-parents qu&rsquo;ils disent \u00ab\u00a0d\u00e9pass\u00e9s\u00a0\u00bb ou encore \u00e0 des fr\u00e8res et soeurs qui peineront \u00e0 assurer leur s\u00e9curit\u00e9. Cette situation nuit \u00e0 l\u2019employabilit\u00e9 des femmes et au d\u00e9veloppement des jeunes enfants. En 2022 et 2023, nous avons construit et ouvert 13 cr\u00e8ches municipales dans les provinces de Kampong Speu et Kampong Cham au Cambodge. Le bouche \u00e0 oreille op\u00e9rant, les cr\u00e8ches attirent de plus en plus d&rsquo;enfants.\u00a0<\/span><\/p>\n<p><span>Aujourd&rsquo;hui, notre objectif est de mener ces 13 cr\u00e8ches vers l&rsquo;autonomie. Il s&rsquo;agit d&rsquo;accompagner les 52 auxiliaires Petite Enfance employ\u00e9es dans les cr\u00e8ches pour garantir la qualit\u00e9 de l&rsquo;accueil. Pour cela, 4 sp\u00e9cialistes sont pr\u00e9sentes en cr\u00e8che r\u00e9guli\u00e8rement pour coacher les \u00e9ducatrices. Nous allons \u00e9galement continuer \u00e0 accompagner les municipalit\u00e9s qui doivent apprendre \u00e0 g\u00e9rer les \u00e9tablissements de fa\u00e7on autonome. Enfin, nous poursuivrons notre plaidoyer aupr\u00e8s de l&rsquo;Etat pour qu&rsquo;il alloue des budgets de d\u00e9veloppement de la Petite Enfance aux municipalit\u00e9s. <\/span><\/p>\n<p><strong><span style=\"text-decoration: underline;\"><em>R\u00e9sultats attendus :<\/em><\/span>\u00a0 des familles en confiance et des m\u00e8res libres d&rsquo;exercer leur activit\u00e9 professionnelle, des enfants en bonne sant\u00e9 et \u00e9veill\u00e9s, des autorit\u00e9s locales comp\u00e9tentes pour g\u00e9rer les cr\u00e8ches, un mod\u00e8le \u00e9conomique viable.<\/strong><\/p>\n<p><strong> Ce projet pilote veut b\u00e2tir le socle d\u2019un d\u00e9veloppement national des cr\u00e8ches au Cambodge, \u00e0 large \u00e9chelle.<\/strong><\/p>\n<p>&nbsp;<\/p>\n<p>[\/et_pb_text][\/et_pb_column][et_pb_column type=\u00a0\u00bb1_4&Prime; _builder_version=\u00a0\u00bb4.16&Prime; custom_padding=\u00a0\u00bb|||\u00a0\u00bb global_colors_info=\u00a0\u00bb{}\u00a0\u00bb custom_padding__hover=\u00a0\u00bb|||\u00a0\u00bb][et_pb_testimonial author=\u00a0\u00bbPorte-parole : St\u00e9phanie Selle\u00a0\u00bb job_title=\u00a0\u00bbDirectrice Cambodge, Laos\u00a0\u00bb portrait_url=\u00a0\u00bbhttps:\/\/agir.planete-eed.org\/120minutes\/wp-content\/uploads\/sites\/18\/2024\/10\/Stephanie-Selle_PEED.jpg\u00a0\u00bb portrait_width=\u00a0\u00bb100px\u00a0\u00bb portrait_height=\u00a0\u00bb100px\u00a0\u00bb _builder_version=\u00a0\u00bb4.24.3&Prime; _module_preset=\u00a0\u00bbdefault\u00a0\u00bb body_text_color=\u00a0\u00bb#4C4C4C\u00a0\u00bb body_font_size=\u00a0\u00bb16px\u00a0\u00bb body_line_height=\u00a0\u00bb1.4em\u00a0\u00bb author_text_color=\u00a0\u00bb#4C4C4C\u00a0\u00bb author_font_size=\u00a0\u00bb17px\u00a0\u00bb position_text_color=\u00a0\u00bb#4C4C4C\u00a0\u00bb position_font_size=\u00a0\u00bb16px\u00a0\u00bb position_line_height=\u00a0\u00bb1.2em\u00a0\u00bb background_color=\u00a0\u00bb#FFFFFF\u00a0\u00bb global_colors_info=\u00a0\u00bb{}\u00a0\u00bb]<\/p>\n<p><span style=\"font-weight: 400;\">St\u00e9phanie travaille depuis pr\u00e8s de 20 ans dans notre association. Passionn\u00e9e de voyages, elle a auparavant pass\u00e9 un an en Am\u00e9rique du Sud, a travaill\u00e9 sur la s\u00e9curit\u00e9 alimentaire dans des camps de r\u00e9fugi\u00e9s en Guin\u00e9e Conakry, puis s&rsquo;est install\u00e9e au N\u00e9pal pour un ambitieux programme de lutte contre la traite des enfants. Depuis 2021, elle vit \u00e0 Phnom Penh, o\u00f9 elle supervise nos \u00e9quipes.<\/span><\/p>\n<p>[\/et_pb_testimonial][\/et_pb_column][\/et_pb_row][et_pb_row column_structure=\u00a0\u00bb1_4,1_2,1_4&Prime; admin_label=\u00a0\u00bbsous section\u00a0\u00bb module_id=\u00a0\u00bbtuyet\u00a0\u00bb _builder_version=\u00a0\u00bb4.24.3&Prime; background_color=\u00a0\u00bb#234b5a\u00a0\u00bb width=\u00a0\u00bb100%\u00a0\u00bb max_width=\u00a0\u00bb100%\u00a0\u00bb min_height=\u00a0\u00bb414.1px\u00a0\u00bb animation_style=\u00a0\u00bbslide\u00a0\u00bb animation_direction=\u00a0\u00bbtop\u00a0\u00bb animation_intensity_slide=\u00a0\u00bb4%\u00a0\u00bb animation_starting_opacity=\u00a0\u00bb100%\u00a0\u00bb global_colors_info=\u00a0\u00bb{}\u00a0\u00bb][et_pb_column type=\u00a0\u00bb1_4&Prime; _builder_version=\u00a0\u00bb4.16&Prime; custom_padding=\u00a0\u00bb|||\u00a0\u00bb global_colors_info=\u00a0\u00bb{}\u00a0\u00bb custom_padding__hover=\u00a0\u00bb|||\u00a0\u00bb][et_pb_image src=\u00a0\u00bbhttps:\/\/agir.planete-eed.org\/120minutes\/wp-content\/uploads\/sites\/18\/2024\/06\/PEED_parents-enfants_Vietnam.jpg\u00a0\u00bb alt=\u00a0\u00bbUne soir\u00e9e de g\u00e9n\u00e9rosit\u00e9 au profit des enfants d\u00e9favoris\u00e9s du monde, propos\u00e9e par Plan\u00e8te Enfants &#038; D\u00e9veloppement\u00a0\u00bb title_text=\u00a0\u00bbPEED_parents-enfants_Vietnam\u00a0\u00bb _builder_version=\u00a0\u00bb4.24.3&Prime; _module_preset=\u00a0\u00bbdefault\u00a0\u00bb global_colors_info=\u00a0\u00bb{}\u00a0\u00bb][\/et_pb_image][\/et_pb_column][et_pb_column type=\u00a0\u00bb1_2&Prime; _builder_version=\u00a0\u00bb4.16&Prime; custom_padding=\u00a0\u00bb|||\u00a0\u00bb global_colors_info=\u00a0\u00bb{}\u00a0\u00bb custom_padding__hover=\u00a0\u00bb|||\u00a0\u00bb][et_pb_text _builder_version=\u00a0\u00bb4.24.3&Prime; _module_preset=\u00a0\u00bbdefault\u00a0\u00bb text_font=\u00a0\u00bbMontserrat||||||||\u00a0\u00bb text_text_color=\u00a0\u00bb#FFFFFF\u00a0\u00bb header_text_color=\u00a0\u00bb#234b5a\u00a0\u00bb header_2_font=\u00a0\u00bbMontserrat|800|on|on|||||\u00a0\u00bb header_2_text_color=\u00a0\u00bb#FFFFFF\u00a0\u00bb header_2_font_size=\u00a0\u00bb19px\u00a0\u00bb transform_translate=\u00a0\u00bb-30px|0px\u00a0\u00bb custom_margin=\u00a0\u00bb||5px||false|false\u00a0\u00bb custom_padding_tablet=\u00a0\u00bb|||55px|false|false\u00a0\u00bb custom_padding_phone=\u00a0\u00bb\u00a0\u00bb custom_padding_last_edited=\u00a0\u00bbon|desktop\u00a0\u00bb global_colors_info=\u00a0\u00bb{}\u00a0\u00bb]<\/p>\n<h2 style=\"text-align: left;\">Fournir un soutien psycho-m\u00e9dical en compl\u00e9ment des ateliers parents-enfants dans les centres sociaux \/ Vietnam<\/h2>\n<p>[\/et_pb_text][et_pb_text _builder_version=\u00a0\u00bb4.24.3&Prime; _module_preset=\u00a0\u00bbdefault\u00a0\u00bb text_font=\u00a0\u00bbMontserrat||||||||\u00a0\u00bb text_text_color=\u00a0\u00bb#FFFFFF\u00a0\u00bb text_font_size=\u00a0\u00bb15px\u00a0\u00bb background_color=\u00a0\u00bbRGBA(0,0,0,0)\u00a0\u00bb transform_translate=\u00a0\u00bb-37px|0px\u00a0\u00bb background_layout=\u00a0\u00bbdark\u00a0\u00bb max_width=\u00a0\u00bb100%\u00a0\u00bb max_height=\u00a0\u00bb100%\u00a0\u00bb custom_padding_tablet=\u00a0\u00bb|||60px|false|false\u00a0\u00bb custom_padding_phone=\u00a0\u00bb\u00a0\u00bb custom_padding_last_edited=\u00a0\u00bbon|desktop\u00a0\u00bb global_colors_info=\u00a0\u00bb{}\u00a0\u00bb]<\/p>\n<p>Ho Chi Minh-Ville est une ville moderne qui attire des millions de travailleurs venus des campagnes alentour dans l&rsquo;espoir de changer de vie. La plupart se retrouve finalement en banlieue dans les quartiers pauvres et lutte pour leur survie quotidienne. Le rythme de vie de ces familles est souvent fr\u00e9n\u00e9tique et \u00e9puisant, marqu\u00e9 par de longues heures de travail mal r\u00e9mun\u00e9r\u00e9es. <span style=\"font-weight: 400;\">Encha\u00eenant les petits \u201cboulots\u201d, ils passent la majeure partie de leurs journ\u00e9es \u00e0 essayer de nourrir la famille. L<\/span>es parents ont peu de temps pour s&rsquo;occuper de leurs enfants. Ces derniers, souvent livr\u00e9s \u00e0 eux-m\u00eames, peuvent souffrir de carences \u00e9ducatives et affectives ; voire de probl\u00e8mes de sant\u00e9 et de retards cognitifs. Les parents subissent cette situation et n&rsquo;ont pas de soutien.<\/p>\n<p>Plan\u00e8te Enfants &amp; D\u00e9veloppement m\u00e8ne depuis 2 ans des activit\u00e9s \u00e0 Ho Chi Minh Ville pour soutenir ces parents isol\u00e9s dans leur r\u00f4le d&rsquo;\u00e9ducateurs et renforcer les liens avec leurs enfants. En plus de sessions de soutien \u00e0 la parentalit\u00e9, parents et enfants sont r\u00e9unis toutes les deux semaines pour un moment de complicit\u00e9, et d&rsquo;apprentissage par le jeu, dans un cadre convivial, anim\u00e9 par des \u00e9ducatrices. Les t\u00e9moignages des parents sont tr\u00e8s forts, charg\u00e9s d&rsquo;\u00e9motions : ces ateliers sont une v\u00e9ritable bou\u00e9e dans leur quotidien. Pour compl\u00e9ter l&rsquo;aide apport\u00e9e, nous voulons proposer des consultations de sant\u00e9 pour les enfants et des services d&rsquo;assistance psychologique pour les parents.<\/p>\n<p><strong><span style=\"text-decoration: underline;\"><em>R\u00e9sultats attendus :<\/em><\/span>\u00a0 des parents moins seuls dont la sant\u00e9 mentale s&rsquo;am\u00e9liore, des parents plus riches de connaissances sur les besoins des enfants pour bien grandir, des parents plus \u00e0 l&rsquo;\u00e9coute, des enfants en meilleure sant\u00e9, plus stimul\u00e9s et \u00e9panouis.<\/strong><\/p>\n<p>&nbsp;<\/p>\n<p>[\/et_pb_text][\/et_pb_column][et_pb_column type=\u00a0\u00bb1_4&Prime; _builder_version=\u00a0\u00bb4.16&Prime; custom_padding=\u00a0\u00bb|||\u00a0\u00bb global_colors_info=\u00a0\u00bb{}\u00a0\u00bb custom_padding__hover=\u00a0\u00bb|||\u00a0\u00bb][et_pb_testimonial author=\u00a0\u00bbPorte-parole : Tuyet Tran\u00a0\u00bb job_title=\u00a0\u00bbTravailleuse sociale (HACRP)\u00a0\u00bb portrait_url=\u00a0\u00bbhttps:\/\/agir.planete-eed.org\/120minutes\/wp-content\/uploads\/sites\/18\/2024\/10\/Tuyet-Tran_HACRP.jpg\u00a0\u00bb portrait_width=\u00a0\u00bb100px\u00a0\u00bb portrait_height=\u00a0\u00bb100px\u00a0\u00bb _builder_version=\u00a0\u00bb4.24.3&Prime; _module_preset=\u00a0\u00bbdefault\u00a0\u00bb body_text_color=\u00a0\u00bb#FFFFFF\u00a0\u00bb body_font_size=\u00a0\u00bb16px\u00a0\u00bb body_line_height=\u00a0\u00bb1.4em\u00a0\u00bb author_text_color=\u00a0\u00bb#FFFFFF\u00a0\u00bb author_font_size=\u00a0\u00bb17px\u00a0\u00bb position_text_color=\u00a0\u00bb#FFFFFF\u00a0\u00bb position_font_size=\u00a0\u00bb16px\u00a0\u00bb position_line_height=\u00a0\u00bb1.2em\u00a0\u00bb background_color=\u00a0\u00bb#234b5a\u00a0\u00bb global_colors_info=\u00a0\u00bb{}\u00a0\u00bb]<\/p>\n<p>Tuyet a plus de dix ans d\u2019exp\u00e9rience dans le travail social. Elle est actuellement au service d&rsquo;HACRP, notre partenaire local, qui agit pour la protection des droits de l&rsquo;enfant \u00e0 Ho Chi Minh Ville. L&rsquo;un de ses objectifs est de sensibiliser un grand nombre de parents \u00e0 l&rsquo;importance des soins et de l&rsquo;\u00e9veil d\u00e8s les premi\u00e8res ann\u00e9es de vie pour le d\u00e9veloppement de l&rsquo;enfant.<\/p>\n<p>[\/et_pb_testimonial][\/et_pb_column][\/et_pb_row][et_pb_row column_structure=\u00a0\u00bb1_4,1_2,1_4&Prime; admin_label=\u00a0\u00bbsous section\u00a0\u00bb module_id=\u00a0\u00bbveronique\u00a0\u00bb _builder_version=\u00a0\u00bb4.24.3&Prime; background_color=\u00a0\u00bb#FFFFFF\u00a0\u00bb width=\u00a0\u00bb100%\u00a0\u00bb max_width=\u00a0\u00bb100%\u00a0\u00bb min_height=\u00a0\u00bb414.1px\u00a0\u00bb animation_style=\u00a0\u00bbslide\u00a0\u00bb animation_direction=\u00a0\u00bbtop\u00a0\u00bb animation_intensity_slide=\u00a0\u00bb4%\u00a0\u00bb animation_starting_opacity=\u00a0\u00bb100%\u00a0\u00bb global_colors_info=\u00a0\u00bb{}\u00a0\u00bb][et_pb_column type=\u00a0\u00bb1_4&Prime; _builder_version=\u00a0\u00bb4.16&Prime; custom_padding=\u00a0\u00bb|||\u00a0\u00bb global_colors_info=\u00a0\u00bb{}\u00a0\u00bb custom_padding__hover=\u00a0\u00bb|||\u00a0\u00bb][et_pb_image src=\u00a0\u00bbhttps:\/\/agir.planete-eed.org\/120minutes\/wp-content\/uploads\/sites\/18\/2024\/06\/PEED_ceep_Burkina-Faso.jpg\u00a0\u00bb alt=\u00a0\u00bbUne soir\u00e9e de g\u00e9n\u00e9rosit\u00e9 au profit des enfants d\u00e9favoris\u00e9s du monde, propos\u00e9e par Plan\u00e8te Enfants &#038; D\u00e9veloppement\u00a0\u00bb title_text=\u00a0\u00bbPEED_ceep_Burkina-Faso\u00a0\u00bb _builder_version=\u00a0\u00bb4.24.3&Prime; _module_preset=\u00a0\u00bbdefault\u00a0\u00bb global_colors_info=\u00a0\u00bb{}\u00a0\u00bb][\/et_pb_image][\/et_pb_column][et_pb_column type=\u00a0\u00bb1_2&Prime; _builder_version=\u00a0\u00bb4.16&Prime; custom_padding=\u00a0\u00bb|||\u00a0\u00bb global_colors_info=\u00a0\u00bb{}\u00a0\u00bb custom_padding__hover=\u00a0\u00bb|||\u00a0\u00bb][et_pb_text _builder_version=\u00a0\u00bb4.24.3&Prime; _module_preset=\u00a0\u00bbdefault\u00a0\u00bb text_font=\u00a0\u00bbMontserrat||||||||\u00a0\u00bb text_text_color=\u00a0\u00bb#FFFFFF\u00a0\u00bb header_text_color=\u00a0\u00bb#234b5a\u00a0\u00bb header_2_font=\u00a0\u00bbMontserrat|800|on|on|||||\u00a0\u00bb header_2_text_color=\u00a0\u00bb#4C4C4C\u00a0\u00bb header_2_font_size=\u00a0\u00bb19px\u00a0\u00bb transform_translate=\u00a0\u00bb-30px|0px\u00a0\u00bb custom_margin=\u00a0\u00bb||5px||false|false\u00a0\u00bb custom_padding=\u00a0\u00bb||6px|||\u00a0\u00bb custom_padding_tablet=\u00a0\u00bb|||55px|false|false\u00a0\u00bb custom_padding_phone=\u00a0\u00bb\u00a0\u00bb custom_padding_last_edited=\u00a0\u00bbon|desktop\u00a0\u00bb global_colors_info=\u00a0\u00bb{}\u00a0\u00bb]<\/p>\n<h2 style=\"text-align: left;\">Agrandir une \u00e9cole maternelle pour d\u00e9charger les classes surpeupl\u00e9es \/ Burkina Faso<\/h2>\n<p>[\/et_pb_text][et_pb_text _builder_version=\u00a0\u00bb4.24.3&Prime; _module_preset=\u00a0\u00bbdefault\u00a0\u00bb text_font=\u00a0\u00bbMontserrat||||||||\u00a0\u00bb text_text_color=\u00a0\u00bb#4C4C4C\u00a0\u00bb text_font_size=\u00a0\u00bb15px\u00a0\u00bb background_color=\u00a0\u00bbRGBA(0,0,0,0)\u00a0\u00bb transform_translate=\u00a0\u00bb-37px|0px\u00a0\u00bb background_layout=\u00a0\u00bbdark\u00a0\u00bb max_width=\u00a0\u00bb100%\u00a0\u00bb max_height=\u00a0\u00bb100%\u00a0\u00bb custom_padding_tablet=\u00a0\u00bb|||60px|false|false\u00a0\u00bb custom_padding_phone=\u00a0\u00bb\u00a0\u00bb custom_padding_last_edited=\u00a0\u00bbon|desktop\u00a0\u00bb global_colors_info=\u00a0\u00bb{}\u00a0\u00bb]<\/p>\n<p>Au Burkina Faso, seuls 7 enfants sur 100 vont \u00e0 l&rsquo;\u00e9cole maternelle (appel\u00e9e CEEP dans le pays). Les b\u00e2timents scolaires doivent \u00eatre normalis\u00e9s par l&rsquo;Etat pour accueillir les enfants mais peu le sont. Les co\u00fbts de construction et de r\u00e9novation des \u00e9coles sont trop \u00e9lev\u00e9s pour les budgets des municipalit\u00e9s en charge de la Petite Enfance. En raison du manque de structures, les \u00e9coles maternelles existantes sont surpeupl\u00e9es. Ce ph\u00e9nom\u00e8ne tend \u00e0 s&rsquo;aggraver avec l&rsquo;arriv\u00e9e massive de populations d\u00e9plac\u00e9es vers la capitale. C&rsquo;est le cas du CEEP de Bissighin, une localit\u00e9 de Ouagadougou, o\u00f9 l&rsquo;on compte plus de 50 \u00e9l\u00e8ves par classe (alors que le Minist\u00e8re de l&rsquo;\u00e9ducation recommande d&rsquo;en accueillir 35). Le r\u00e9fectoire est \u00e9galement sous-dimensionn\u00e9 et les sanitaires en mauvais \u00e9tat.<br \/>Les conditions ne sont donc pas r\u00e9unies pour garantir la s\u00e9curit\u00e9 et proposer des apprentissages adapt\u00e9s \u00e0 des enfants de 3 \u00e0 6 ans.<\/p>\n<p>Plan\u00e8te Enfants &amp; D\u00e9veloppement souhaite construire 1 classe suppl\u00e9mentaire dans l&rsquo;\u00e9cole et l&rsquo;\u00e9quiper de mobilier et de jeux. Il s&rsquo;agit \u00e9galement de r\u00e9nover la cuisine, d&rsquo;agrandir le r\u00e9fectoire, de construire un nouveau bloc de toilettes et d&rsquo;\u00e9quiper l&rsquo;\u00e9cole en lave-mains (selon l&rsquo;approche dite du Nudge qui consiste \u00e0 apprendre en s&rsquo;amusant).<\/p>\n<p><strong><span style=\"text-decoration: underline;\"><em>R\u00e9sultats attendus :<\/em><\/span> 140 enfants de 3 \u00e0 6 ans \u00e9volueront dans un environnement plus propice aux apprentissages et seront mieux pr\u00e9par\u00e9s \u00e0 leur entr\u00e9e \u00e0 l&rsquo;\u00e9cole primaire. Les services d&rsquo;hygi\u00e8ne et de restauration r\u00e9habilit\u00e9s contribueront \u00e0 am\u00e9liorer leur sant\u00e9.<\/strong><\/p>\n<p>[\/et_pb_text][\/et_pb_column][et_pb_column type=\u00a0\u00bb1_4&Prime; _builder_version=\u00a0\u00bb4.16&Prime; custom_padding=\u00a0\u00bb|||\u00a0\u00bb global_colors_info=\u00a0\u00bb{}\u00a0\u00bb custom_padding__hover=\u00a0\u00bb|||\u00a0\u00bb][et_pb_testimonial author=\u00a0\u00bbPorte-parole : V\u00e9ronique Jenn-Treyer\u00a0\u00bb job_title=\u00a0\u00bbDirectrice g\u00e9n\u00e9rale\u00a0\u00bb portrait_url=\u00a0\u00bbhttps:\/\/agir.planete-eed.org\/120minutes\/wp-content\/uploads\/sites\/18\/2024\/10\/Veronique-Jenn-Treyer_PEED.jpg\u00a0\u00bb portrait_width=\u00a0\u00bb100px\u00a0\u00bb portrait_height=\u00a0\u00bb100px\u00a0\u00bb _builder_version=\u00a0\u00bb4.24.3&Prime; _module_preset=\u00a0\u00bbdefault\u00a0\u00bb body_text_color=\u00a0\u00bb#4C4C4C\u00a0\u00bb body_font_size=\u00a0\u00bb16px\u00a0\u00bb body_line_height=\u00a0\u00bb1.4em\u00a0\u00bb author_text_color=\u00a0\u00bb#4C4C4C\u00a0\u00bb author_font_size=\u00a0\u00bb17px\u00a0\u00bb position_text_color=\u00a0\u00bb#4C4C4C\u00a0\u00bb position_font_size=\u00a0\u00bb16px\u00a0\u00bb position_line_height=\u00a0\u00bb1.2em\u00a0\u00bb background_color=\u00a0\u00bb#FFFFFF\u00a0\u00bb global_colors_info=\u00a0\u00bb{}\u00a0\u00bb]<\/p>\n<p>V\u00e9ronique a consacr\u00e9 sa vie professionnelle au secteur associatif, et en faveur de la protection de l\u2019enfance notamment. Elle a rejoint Plan\u00e8te<br \/>Enfants &amp; D\u00e9veloppement en 2011, apr\u00e8s 10 ans d&rsquo;exp\u00e9riences de terrain au Niger et \u00e0 Madagascar ; et aupr\u00e8s de structures internationales (Enda Tiers-Monde, Programme Alimentaire Mondial, Oxfam).<\/p>\n<p>[\/et_pb_testimonial][\/et_pb_column][\/et_pb_row][et_pb_row column_structure=\u00a0\u00bb1_4,1_2,1_4&Prime; admin_label=\u00a0\u00bbsous section\u00a0\u00bb module_id=\u00a0\u00bbsophie\u00a0\u00bb _builder_version=\u00a0\u00bb4.24.3&Prime; background_color=\u00a0\u00bb#234b5a\u00a0\u00bb width=\u00a0\u00bb100%\u00a0\u00bb max_width=\u00a0\u00bb100%\u00a0\u00bb min_height=\u00a0\u00bb414.1px\u00a0\u00bb animation_style=\u00a0\u00bbslide\u00a0\u00bb animation_direction=\u00a0\u00bbtop\u00a0\u00bb animation_intensity_slide=\u00a0\u00bb4%\u00a0\u00bb animation_starting_opacity=\u00a0\u00bb100%\u00a0\u00bb global_colors_info=\u00a0\u00bb{}\u00a0\u00bb][et_pb_column type=\u00a0\u00bb1_4&Prime; _builder_version=\u00a0\u00bb4.16&Prime; custom_padding=\u00a0\u00bb|||\u00a0\u00bb global_colors_info=\u00a0\u00bb{}\u00a0\u00bb custom_padding__hover=\u00a0\u00bb|||\u00a0\u00bb][et_pb_image src=\u00a0\u00bbhttps:\/\/agir.planete-eed.org\/120minutes\/wp-content\/uploads\/sites\/18\/2024\/06\/PEED_magic-place_France.jpg\u00a0\u00bb alt=\u00a0\u00bbUne soir\u00e9e de g\u00e9n\u00e9rosit\u00e9 au profit des enfants d\u00e9favoris\u00e9s du monde, propos\u00e9e par Plan\u00e8te Enfants &#038; D\u00e9veloppement\u00a0\u00bb title_text=\u00a0\u00bbPEED_magic-place_France\u00a0\u00bb _builder_version=\u00a0\u00bb4.24.3&Prime; _module_preset=\u00a0\u00bbdefault\u00a0\u00bb global_colors_info=\u00a0\u00bb{}\u00a0\u00bb][\/et_pb_image][\/et_pb_column][et_pb_column type=\u00a0\u00bb1_2&Prime; _builder_version=\u00a0\u00bb4.16&Prime; custom_padding=\u00a0\u00bb|||\u00a0\u00bb global_colors_info=\u00a0\u00bb{}\u00a0\u00bb custom_padding__hover=\u00a0\u00bb|||\u00a0\u00bb][et_pb_text _builder_version=\u00a0\u00bb4.24.3&Prime; _module_preset=\u00a0\u00bbdefault\u00a0\u00bb text_font=\u00a0\u00bbMontserrat||||||||\u00a0\u00bb text_text_color=\u00a0\u00bb#FFFFFF\u00a0\u00bb header_text_color=\u00a0\u00bb#FFFFFF\u00a0\u00bb header_2_font=\u00a0\u00bbMontserrat|800|on|on|||||\u00a0\u00bb header_2_text_color=\u00a0\u00bb#FFFFFF\u00a0\u00bb header_2_font_size=\u00a0\u00bb19px\u00a0\u00bb transform_translate=\u00a0\u00bb-30px|0px\u00a0\u00bb min_height=\u00a0\u00bb52px\u00a0\u00bb custom_margin=\u00a0\u00bb||5px||false|false\u00a0\u00bb custom_padding_tablet=\u00a0\u00bb|||55px|false|false\u00a0\u00bb custom_padding_phone=\u00a0\u00bb\u00a0\u00bb custom_padding_last_edited=\u00a0\u00bbon|desktop\u00a0\u00bb global_colors_info=\u00a0\u00bb{}\u00a0\u00bb]<\/p>\n<h2 style=\"text-align: left;\">Proposer des activit\u00e9s ludiques et p\u00e9dagogiques aux enfants h\u00e9berg\u00e9s dans les h\u00f4tels sociaux \/ France<\/h2>\n<p>[\/et_pb_text][et_pb_text _builder_version=\u00a0\u00bb4.24.3&Prime; _module_preset=\u00a0\u00bbdefault\u00a0\u00bb text_font=\u00a0\u00bbMontserrat||||||||\u00a0\u00bb text_text_color=\u00a0\u00bb#FFFFFF\u00a0\u00bb text_font_size=\u00a0\u00bb15px\u00a0\u00bb background_color=\u00a0\u00bbRGBA(0,0,0,0)\u00a0\u00bb transform_translate=\u00a0\u00bb-37px|0px\u00a0\u00bb background_layout=\u00a0\u00bbdark\u00a0\u00bb max_width=\u00a0\u00bb100%\u00a0\u00bb max_height=\u00a0\u00bb100%\u00a0\u00bb custom_padding_tablet=\u00a0\u00bb|||60px|false|false\u00a0\u00bb custom_padding_phone=\u00a0\u00bb\u00a0\u00bb custom_padding_last_edited=\u00a0\u00bbon|desktop\u00a0\u00bb global_colors_info=\u00a0\u00bb{}\u00a0\u00bb]<\/p>\n<p><span><span style=\"font-weight: 400;\">En France, apr\u00e8s un parcours migratoire au p\u00e9ril de leur vie, de nombreuses familles se retrouvent h\u00e9berg\u00e9es en h\u00f4tels sociaux, dans une seule et m\u00eame chambre, pendant parfois de longues ann\u00e9es. 90% de ces familles sont monoparentales : des m\u00e8res ont tout risqu\u00e9 pour offrir un meilleur avenir \u00e0 leurs enfants. La grande promiscuit\u00e9 dans laquelle elles vivent<\/span> a des cons\u00e9quences n\u00e9fastes sur le d\u00e9veloppement des enfants et l&rsquo;\u00e9tat de sant\u00e9 des parents. Selon un rapport de l&rsquo;Observatoire du Samusocial de Paris paru en 2014, il y a 4 fois plus de troubles d\u00e9pressifs chez les m\u00e8res avec un parcours de rue ; et une forte corr\u00e9lation entre l&rsquo;\u00e9tat d\u00e9pressif de la m\u00e8re et les retards de d\u00e9veloppement chez l&rsquo;enfant.<\/span><\/p>\n<p><span>Depuis 9 ans, l&rsquo;association Chemins d\u2019Enfances &#8211; avec qui nous avons fusionn\u00e9 en juin 2024 &#8211; agit dans des structures d\u2019h\u00e9bergement d\u2019urgence en Ile de France et en Gironde. <\/span><\/p>\n<p><span>Le dispositif propose un bol d&rsquo;air aux enfants de 6 \u00e0 12 ans apr\u00e8s l&rsquo;\u00e9cole. Munis de leur malle de jeu internationale, et au volant de leur camionnette, 2 animatrices vont chaque semaine \u00e0 la rencontre des enfants dans les h\u00e9bergements d&rsquo;urgence. Elles les accompagnent par le jeu, sur la gestion de leurs \u00e9motions et des conflits, sur la construction de leur identit\u00e9.<\/span><\/p>\n<p><span><strong><span style=\"text-decoration: underline;\"><em>R\u00e9sultats attendus :<\/em><\/span> des enfants en situation de grande pr\u00e9carit\u00e9, qui vivent avec leur famille dans des espaces tr\u00e8s r\u00e9duits, trouvent un terrain d&rsquo;\u00e9panouissement et un sentiment de l\u00e9gitimit\u00e9 \u00e0 vivre sur leur territoire. Avec l&rsquo;int\u00e9gration du jeu dans la famille, les liens sont renforc\u00e9s.<\/strong><\/span><\/p>\n<p>&nbsp;<\/p>\n<p>[\/et_pb_text][\/et_pb_column][et_pb_column type=\u00a0\u00bb1_4&Prime; _builder_version=\u00a0\u00bb4.16&Prime; custom_padding=\u00a0\u00bb|||\u00a0\u00bb global_colors_info=\u00a0\u00bb{}\u00a0\u00bb custom_padding__hover=\u00a0\u00bb|||\u00a0\u00bb][et_pb_testimonial author=\u00a0\u00bbPorte-parole : Sophie Michelet\u00a0\u00bb job_title=\u00a0\u00bbResponsable de programme\u00a0\u00bb portrait_url=\u00a0\u00bbhttps:\/\/agir.planete-eed.org\/120minutes\/wp-content\/uploads\/sites\/18\/2024\/10\/Sophie-Michelet_PEED.jpg\u00a0\u00bb portrait_width=\u00a0\u00bb100px\u00a0\u00bb portrait_height=\u00a0\u00bb100px\u00a0\u00bb _builder_version=\u00a0\u00bb4.24.3&Prime; _module_preset=\u00a0\u00bbdefault\u00a0\u00bb body_text_color=\u00a0\u00bb#FFFFFF\u00a0\u00bb body_font_size=\u00a0\u00bb16px\u00a0\u00bb body_line_height=\u00a0\u00bb1.4em\u00a0\u00bb author_text_color=\u00a0\u00bb#FFFFFF\u00a0\u00bb author_font_size=\u00a0\u00bb17px\u00a0\u00bb position_text_color=\u00a0\u00bb#FFFFFF\u00a0\u00bb position_font_size=\u00a0\u00bb16px\u00a0\u00bb position_line_height=\u00a0\u00bb1.2em\u00a0\u00bb background_color=\u00a0\u00bb#234b5a\u00a0\u00bb global_colors_info=\u00a0\u00bb{}\u00a0\u00bb]<\/p>\n<p>Sophie a toujours souhait\u00e9 travailler aupr\u00e8s des enfants. Lors de ses \u00e9tudes en Sciences de l\u2019\u00e9ducation, sa recherche sociologique sur les camps de roms et les bidonvilles l\u2019a amen\u00e9e \u00e0 se sp\u00e9cialiser en intervention sociale, avec pour objectif de rendre visible ces familles et de les aider \u00e0 se sentir chez elles en France. Depuis 5 ans, elle agit dans ce sens et d\u00e9veloppe le programme Chemins d\u2019Enfances.<\/p>\n<p>[\/et_pb_testimonial][\/et_pb_column][\/et_pb_row][et_pb_row column_structure=\u00a0\u00bb1_4,1_2,1_4&Prime; admin_label=\u00a0\u00bbsous section\u00a0\u00bb module_id=\u00a0\u00bbsreyneang\u00a0\u00bb _builder_version=\u00a0\u00bb4.24.3&Prime; background_color=\u00a0\u00bb#FFFFFF\u00a0\u00bb width=\u00a0\u00bb100%\u00a0\u00bb max_width=\u00a0\u00bb100%\u00a0\u00bb min_height=\u00a0\u00bb414.1px\u00a0\u00bb animation_style=\u00a0\u00bbslide\u00a0\u00bb animation_direction=\u00a0\u00bbtop\u00a0\u00bb animation_intensity_slide=\u00a0\u00bb4%\u00a0\u00bb animation_starting_opacity=\u00a0\u00bb100%\u00a0\u00bb global_colors_info=\u00a0\u00bb{}\u00a0\u00bb][et_pb_column type=\u00a0\u00bb1_4&Prime; _builder_version=\u00a0\u00bb4.16&Prime; custom_padding=\u00a0\u00bb|||\u00a0\u00bb global_colors_info=\u00a0\u00bb{}\u00a0\u00bb custom_padding__hover=\u00a0\u00bb|||\u00a0\u00bb][et_pb_image src=\u00a0\u00bbhttps:\/\/agir.planete-eed.org\/120minutes\/wp-content\/uploads\/sites\/18\/2024\/06\/PEED_hali-Cambodge.jpg\u00a0\u00bb alt=\u00a0\u00bbUne soir\u00e9e de g\u00e9n\u00e9rosit\u00e9 au profit des enfants d\u00e9favoris\u00e9s du monde, propos\u00e9e par Plan\u00e8te Enfants &#038; D\u00e9veloppement\u00a0\u00bb title_text=\u00a0\u00bbPEED_hali-Cambodge\u00a0\u00bb _builder_version=\u00a0\u00bb4.24.3&Prime; _module_preset=\u00a0\u00bbdefault\u00a0\u00bb global_colors_info=\u00a0\u00bb{}\u00a0\u00bb][\/et_pb_image][\/et_pb_column][et_pb_column type=\u00a0\u00bb1_2&Prime; _builder_version=\u00a0\u00bb4.16&Prime; custom_padding=\u00a0\u00bb|||\u00a0\u00bb global_colors_info=\u00a0\u00bb{}\u00a0\u00bb custom_padding__hover=\u00a0\u00bb|||\u00a0\u00bb][et_pb_text _builder_version=\u00a0\u00bb4.24.3&Prime; _module_preset=\u00a0\u00bbdefault\u00a0\u00bb text_font=\u00a0\u00bbMontserrat||||||||\u00a0\u00bb text_text_color=\u00a0\u00bb#4C4C4C\u00a0\u00bb header_text_color=\u00a0\u00bb#234b5a\u00a0\u00bb header_2_font=\u00a0\u00bbMontserrat|800|on|on|||||\u00a0\u00bb header_2_text_color=\u00a0\u00bb#4C4C4C\u00a0\u00bb header_2_font_size=\u00a0\u00bb19px\u00a0\u00bb transform_translate=\u00a0\u00bb-30px|0px\u00a0\u00bb custom_margin=\u00a0\u00bb||5px||false|false\u00a0\u00bb custom_padding_tablet=\u00a0\u00bb|||55px|false|false\u00a0\u00bb custom_padding_phone=\u00a0\u00bb\u00a0\u00bb custom_padding_last_edited=\u00a0\u00bbon|desktop\u00a0\u00bb global_colors_info=\u00a0\u00bb{}\u00a0\u00bb]<\/p>\n<h2 style=\"text-align: left;\">Soutenir la cr\u00e9ation de micro-entreprises dans les bidonvilles de Phnom Penh \/ Cambodge<\/h2>\n<p>[\/et_pb_text][et_pb_text _builder_version=\u00a0\u00bb4.24.3&Prime; _module_preset=\u00a0\u00bbdefault\u00a0\u00bb text_font=\u00a0\u00bbMontserrat||||||||\u00a0\u00bb text_text_color=\u00a0\u00bb#4C4C4C\u00a0\u00bb text_font_size=\u00a0\u00bb15px\u00a0\u00bb background_color=\u00a0\u00bbRGBA(0,0,0,0)\u00a0\u00bb transform_translate=\u00a0\u00bb-37px|0px\u00a0\u00bb background_layout=\u00a0\u00bbdark\u00a0\u00bb max_width=\u00a0\u00bb100%\u00a0\u00bb max_height=\u00a0\u00bb100%\u00a0\u00bb custom_padding=\u00a0\u00bb||0px|||\u00a0\u00bb custom_padding_tablet=\u00a0\u00bb|||60px|false|false\u00a0\u00bb custom_padding_phone=\u00a0\u00bb\u00a0\u00bb custom_padding_last_edited=\u00a0\u00bbon|desktop\u00a0\u00bb global_colors_info=\u00a0\u00bb{}\u00a0\u00bb]<\/p>\n<p>En 25 ans, Phnom Penh a multipli\u00e9 sa population par 4. Beaucoup d&rsquo;habitants des campagnes ont rejoint la capitale en qu\u00eate de meilleures opportunit\u00e9s d&#8217;emploi. Mais ces migrations ont conduit \u00e0 la cr\u00e9ation de nombreux quartiers pr\u00e9caires et informels o\u00f9 la population qui n&rsquo;a pas de titre de propri\u00e9t\u00e9, fait face \u00e0 un fort risque d&rsquo;expulsion, se retrouve vuln\u00e9rable aux al\u00e9as climatiques et o\u00f9 le ch\u00f4mage est \u00e9lev\u00e9. On compte environ 190 zones de ce type \u00e0 Phnom Penh et en banlieue.<br \/>Dans ces quartiers, de nombreuses familles survivent avec plusieurs emplois : ouvriers dans le secteur de la construction et dans les usines de textile, collecteurs de d\u00e9chets, chauffeurs de tuk tuk, vendeurs ambulants &#8230; Les m\u00e8res c\u00e9libataires, les jeunes parents ainsi que les travailleurs migrants et saisonniers sont les plus vuln\u00e9rables. Leurs revenus sont faibles. La malnutrition est courante. Pour s&rsquo;en sortir, une grande majorit\u00e9 de ces familles s&rsquo;endette.<\/p>\n<p>Dans le cadre de son projet HaLI, qui vise \u00e0 am\u00e9liorer les conditions de vie de ces habitants, Plan\u00e8te Enfants &amp; D\u00e9veloppement pr\u00e9voit de proposer des services d&rsquo;assistance sociale \u00e0 200 familles d&rsquo;ici 2027. L&rsquo;association va former 60 personnes, au sein de ces familles, \u00e0 la cr\u00e9ation de micro-entreprises ou les orienter vers des prestataires de formation professionnelle. 70% d&rsquo;entre elles minimum seront des femmes, pour qu&rsquo;elles acqui\u00e8rent plus d&rsquo;autonomie financi\u00e8re. Les personnes s\u00e9lectionn\u00e9es recevront une formation sur la gestion de projet, les strat\u00e9gies de vente et la gestion financi\u00e8re. Elles se verront distribuer du mat\u00e9riel n\u00e9cessaire pour d\u00e9marrer leur activit\u00e9 et seront suivies pendant 6 mois.<\/p>\n<p><strong><span style=\"text-decoration: underline;\"><em>R\u00e9sultats attendus :<\/em><\/span> des travailleuses et travailleurs peu qualifi\u00e9s (dont 70% de femmes) qui peinent \u00e0 trouver un emploi r\u00e9gulier, se cr\u00e9ent de nouvelles sources de revenus pour subvenir aux besoins de leurs familles et sortir de la grande pr\u00e9carit\u00e9.<\/strong><\/p>\n<p>[\/et_pb_text][\/et_pb_column][et_pb_column type=\u00a0\u00bb1_4&Prime; _builder_version=\u00a0\u00bb4.16&Prime; custom_padding=\u00a0\u00bb|||\u00a0\u00bb global_colors_info=\u00a0\u00bb{}\u00a0\u00bb custom_padding__hover=\u00a0\u00bb|||\u00a0\u00bb][et_pb_testimonial author=\u00a0\u00bbPorte-parole : Sreyneang Pok\u00a0\u00bb job_title=\u00a0\u00bbCheffe de projet\u00a0\u00bb portrait_url=\u00a0\u00bbhttps:\/\/agir.planete-eed.org\/120minutes\/wp-content\/uploads\/sites\/18\/2024\/10\/Sreyneang-Pok_PEED.jpg\u00a0\u00bb portrait_width=\u00a0\u00bb100px\u00a0\u00bb portrait_height=\u00a0\u00bb100px\u00a0\u00bb _builder_version=\u00a0\u00bb4.24.3&Prime; _module_preset=\u00a0\u00bbdefault\u00a0\u00bb body_text_color=\u00a0\u00bb#4C4C4C\u00a0\u00bb body_font_size=\u00a0\u00bb16px\u00a0\u00bb body_line_height=\u00a0\u00bb1.4em\u00a0\u00bb author_text_color=\u00a0\u00bb#4C4C4C\u00a0\u00bb author_font_size=\u00a0\u00bb17px\u00a0\u00bb position_text_color=\u00a0\u00bb#4C4C4C\u00a0\u00bb position_font_size=\u00a0\u00bb16px\u00a0\u00bb position_line_height=\u00a0\u00bb1.2em\u00a0\u00bb background_color=\u00a0\u00bb#FFFFFF\u00a0\u00bb global_colors_info=\u00a0\u00bb{}\u00a0\u00bb]<\/p>\n<p>Sreyneang contribue depuis 10 ans \u00e0 de nombreux projets en faveur de l\u2019\u00e9ducation, du d\u00e9veloppement \u00e9conomique et urbain des populations d\u00e9favoris\u00e9es en tant que coordinatrice en ONG.<\/p>\n<p>Elle est titulaire d\u2019une ma\u00eetrise en d\u00e9veloppement international et d&rsquo;une licence en administration des affaires.<\/p>\n<p>[\/et_pb_testimonial][\/et_pb_column][\/et_pb_row][et_pb_row column_structure=\u00a0\u00bb1_4,1_2,1_4&Prime; admin_label=\u00a0\u00bbsous section\u00a0\u00bb _builder_version=\u00a0\u00bb4.24.3&Prime; background_color=\u00a0\u00bb#234b5a\u00a0\u00bb width=\u00a0\u00bb100%\u00a0\u00bb max_width=\u00a0\u00bb100%\u00a0\u00bb min_height=\u00a0\u00bb414.1px\u00a0\u00bb animation_style=\u00a0\u00bbslide\u00a0\u00bb animation_direction=\u00a0\u00bbtop\u00a0\u00bb animation_intensity_slide=\u00a0\u00bb4%\u00a0\u00bb animation_starting_opacity=\u00a0\u00bb100%\u00a0\u00bb global_colors_info=\u00a0\u00bb{}\u00a0\u00bb][et_pb_column type=\u00a0\u00bb1_4&Prime; _builder_version=\u00a0\u00bb4.16&Prime; custom_padding=\u00a0\u00bb|||\u00a0\u00bb global_colors_info=\u00a0\u00bb{}\u00a0\u00bb custom_padding__hover=\u00a0\u00bb|||\u00a0\u00bb][et_pb_image src=\u00a0\u00bbhttps:\/\/agir.planete-eed.org\/120minutes\/wp-content\/uploads\/sites\/18\/2024\/06\/PEED_creche-Burkina-Faso.jpg\u00a0\u00bb alt=\u00a0\u00bbUne soir\u00e9e de g\u00e9n\u00e9rosit\u00e9 au profit des enfants d\u00e9favoris\u00e9s du monde, propos\u00e9e par Plan\u00e8te Enfants &#038; D\u00e9veloppement\u00a0\u00bb title_text=\u00a0\u00bbPEED_creche-Burkina-Faso\u00a0\u00bb _builder_version=\u00a0\u00bb4.24.3&Prime; _module_preset=\u00a0\u00bbdefault\u00a0\u00bb global_colors_info=\u00a0\u00bb{}\u00a0\u00bb][\/et_pb_image][\/et_pb_column][et_pb_column type=\u00a0\u00bb1_2&Prime; _builder_version=\u00a0\u00bb4.16&Prime; custom_padding=\u00a0\u00bb|||\u00a0\u00bb global_colors_info=\u00a0\u00bb{}\u00a0\u00bb custom_padding__hover=\u00a0\u00bb|||\u00a0\u00bb][et_pb_text _builder_version=\u00a0\u00bb4.24.3&Prime; _module_preset=\u00a0\u00bbdefault\u00a0\u00bb text_font=\u00a0\u00bbMontserrat||||||||\u00a0\u00bb text_text_color=\u00a0\u00bb#FFFFFF\u00a0\u00bb header_text_color=\u00a0\u00bb#234b5a\u00a0\u00bb header_2_font=\u00a0\u00bbMontserrat|800|on|on|||||\u00a0\u00bb header_2_text_color=\u00a0\u00bb#FFFFFF\u00a0\u00bb header_2_font_size=\u00a0\u00bb19px\u00a0\u00bb transform_translate=\u00a0\u00bb-30px|0px\u00a0\u00bb custom_margin=\u00a0\u00bb||5px||false|false\u00a0\u00bb custom_padding_tablet=\u00a0\u00bb|||55px|false|false\u00a0\u00bb custom_padding_phone=\u00a0\u00bb\u00a0\u00bb custom_padding_last_edited=\u00a0\u00bbon|desktop\u00a0\u00bb global_colors_info=\u00a0\u00bb{}\u00a0\u00bb]<\/p>\n<h2 style=\"text-align: left;\">Assurer la viabilit\u00e9 de cr\u00e8ches et subventionner des places pour les enfants de m\u00e8res isol\u00e9es \/ Burkina Faso<\/h2>\n<p>[\/et_pb_text][et_pb_text _builder_version=\u00a0\u00bb4.24.3&Prime; _module_preset=\u00a0\u00bbdefault\u00a0\u00bb text_font=\u00a0\u00bbMontserrat||||||||\u00a0\u00bb text_text_color=\u00a0\u00bb#FFFFFF\u00a0\u00bb text_font_size=\u00a0\u00bb15px\u00a0\u00bb header_2_text_color=\u00a0\u00bb#FFFFFF\u00a0\u00bb background_color=\u00a0\u00bbRGBA(0,0,0,0)\u00a0\u00bb transform_translate=\u00a0\u00bb-37px|0px\u00a0\u00bb background_layout=\u00a0\u00bbdark\u00a0\u00bb max_width=\u00a0\u00bb100%\u00a0\u00bb max_height=\u00a0\u00bb100%\u00a0\u00bb custom_padding_tablet=\u00a0\u00bb|||60px|false|false\u00a0\u00bb custom_padding_phone=\u00a0\u00bb\u00a0\u00bb custom_padding_last_edited=\u00a0\u00bbon|desktop\u00a0\u00bb global_colors_info=\u00a0\u00bb{}\u00a0\u00bb]<\/p>\n<p>Peu de femmes au Burkina Faso ont un emploi d\u00e9clar\u00e9 et r\u00e9gulier. Elles ne sont en effet que 12% \u00e0 \u00eatre salari\u00e9es avec un contrat de travail en 2022 selon l&rsquo;OIT (Organisation Internationale du Travail). Beaucoup d\u2019entre elles font encore face au poids des traditions, \u00e0 la discrimination et au manque de qualifications adapt\u00e9es. De plus, il n\u2019existe que peu de cr\u00e8ches publiques, \u00e0 des co\u00fbts abordables, ce qui contraint les m\u00e8res \u00e0 garder leurs enfants en bas \u00e2ge.<br \/>Par ailleurs, \u00e0 Ouagadougou, certaines m\u00e8res tr\u00e8s jeunes exclues de leurs familles, ont recours \u00e0 des pratiques dangereuses pour s&rsquo;en sortir : elles travaillent la nuit dans des discoth\u00e8ques, laissent leurs enfants seuls et leur administrent parfois des somnif\u00e8res pour s&rsquo;assurer qu&rsquo;ils dorment en leur absence.<\/p>\n<p>Pour r\u00e9pondre \u00e0 ces probl\u00e9matiques, Plan\u00e8te Enfants &amp; D\u00e9veloppement a form\u00e9 une promotion de 300 assistantes maternelles en 2020-2021. 175 d\u2019entre elles ont ensuite trouv\u00e9 un emploi et 80 autres ont cr\u00e9\u00e9 41 cr\u00e8ches. Ces femmes entrepreneures sont motiv\u00e9es et courageuses. Leurs jeunes \u00e9tablissements restent cependant fragiles. Nous souhaitons les accompagner encore quelques mois par du coaching en gestion d\u2019entreprise et en d\u00e9veloppement de la Petite Enfance. Nous souhaitons par ailleurs venir en aide aux jeunes m\u00e8res isol\u00e9es et \u00e0 leurs enfants en leur offrant les frais d&rsquo;inscription en cr\u00e8che, le temps de les accompagner dans la cr\u00e9ation d&rsquo;activit\u00e9s entrepreneuriales et de leur apporter un soutien dans leur parentalit\u00e9.<\/p>\n<p><strong><span style=\"text-decoration: underline;\"><em>R\u00e9sultats attendus :<\/em><\/span>\u00a0 des femmes form\u00e9es et ins\u00e9r\u00e9es sur le march\u00e9 du travail, plus confiantes et ind\u00e9pendantes, des enfants prot\u00e9g\u00e9s et \u00e9veill\u00e9s.\u00a0<\/strong><\/p>\n<p>[\/et_pb_text][\/et_pb_column][et_pb_column type=\u00a0\u00bb1_4&Prime; _builder_version=\u00a0\u00bb4.16&Prime; custom_padding=\u00a0\u00bb|||\u00a0\u00bb global_colors_info=\u00a0\u00bb{}\u00a0\u00bb custom_padding__hover=\u00a0\u00bb|||\u00a0\u00bb][et_pb_testimonial author=\u00a0\u00bbPorte-parole : Raicha Sirima\u00a0\u00bb job_title=\u00a0\u00bbCoach en micro-entreprises\u00a0\u00bb portrait_url=\u00a0\u00bbhttps:\/\/agir.planete-eed.org\/120minutes\/wp-content\/uploads\/sites\/18\/2024\/10\/Raicha-Sirima.jpg\u00a0\u00bb portrait_width=\u00a0\u00bb100px\u00a0\u00bb portrait_height=\u00a0\u00bb100px\u00a0\u00bb _builder_version=\u00a0\u00bb4.24.3&Prime; _module_preset=\u00a0\u00bbdefault\u00a0\u00bb body_text_color=\u00a0\u00bb#FFFFFF\u00a0\u00bb body_font_size=\u00a0\u00bb16px\u00a0\u00bb body_line_height=\u00a0\u00bb1.4em\u00a0\u00bb author_text_color=\u00a0\u00bb#FFFFFF\u00a0\u00bb author_font_size=\u00a0\u00bb17px\u00a0\u00bb position_text_color=\u00a0\u00bb#FFFFFF\u00a0\u00bb position_font_size=\u00a0\u00bb16px\u00a0\u00bb position_line_height=\u00a0\u00bb1.2em\u00a0\u00bb background_color=\u00a0\u00bb#234b5a\u00a0\u00bb global_colors_info=\u00a0\u00bb{}\u00a0\u00bb]<\/p>\n<p>Depuis 5 ans, Raicha s\u2019est sp\u00e9cialis\u00e9e dans l\u2019appui \u00e0 l\u2019insertion professionnelle des jeunes. Elle a travaill\u00e9 pour le Fonds d\u2019Appui aux Initiatives des Jeunes, un organisme public burkinab\u00e8 et au sein du d\u00e9partement Conseil, Emploi, Entreprises de l\u2019ONG Entrepreneurs du Monde. Elle aime \u00eatre au contact des personnes qu\u2019elle accompagne pour les voir \u00e9voluer.<\/p>\n<p>[\/et_pb_testimonial][\/et_pb_column][\/et_pb_row][et_pb_row column_structure=\u00a0\u00bb1_4,1_2,1_4&Prime; admin_label=\u00a0\u00bbsous section\u00a0\u00bb module_id=\u00a0\u00bbhira\u00a0\u00bb _builder_version=\u00a0\u00bb4.24.3&Prime; background_color=\u00a0\u00bb#FFFFFF\u00a0\u00bb width=\u00a0\u00bb100%\u00a0\u00bb max_width=\u00a0\u00bb100%\u00a0\u00bb min_height=\u00a0\u00bb414.1px\u00a0\u00bb animation_style=\u00a0\u00bbslide\u00a0\u00bb animation_direction=\u00a0\u00bbtop\u00a0\u00bb animation_intensity_slide=\u00a0\u00bb4%\u00a0\u00bb animation_starting_opacity=\u00a0\u00bb100%\u00a0\u00bb global_colors_info=\u00a0\u00bb{}\u00a0\u00bb][et_pb_column type=\u00a0\u00bb1_4&Prime; _builder_version=\u00a0\u00bb4.16&Prime; custom_padding=\u00a0\u00bb|||\u00a0\u00bb global_colors_info=\u00a0\u00bb{}\u00a0\u00bb custom_padding__hover=\u00a0\u00bb|||\u00a0\u00bb][et_pb_image src=\u00a0\u00bbhttps:\/\/agir.planete-eed.org\/120minutes\/wp-content\/uploads\/sites\/18\/2024\/06\/PEED_adolescente-Nepal.jpg\u00a0\u00bb alt=\u00a0\u00bbUne soir\u00e9e de g\u00e9n\u00e9rosit\u00e9 au profit des enfants d\u00e9favoris\u00e9s du monde, propos\u00e9e par Plan\u00e8te Enfants &#038; D\u00e9veloppement\u00a0\u00bb title_text=\u00a0\u00bbPEED_adolescente-Nepal\u00a0\u00bb _builder_version=\u00a0\u00bb4.24.3&Prime; _module_preset=\u00a0\u00bbdefault\u00a0\u00bb global_colors_info=\u00a0\u00bb{}\u00a0\u00bb][\/et_pb_image][\/et_pb_column][et_pb_column type=\u00a0\u00bb1_2&Prime; _builder_version=\u00a0\u00bb4.16&Prime; custom_padding=\u00a0\u00bb|||\u00a0\u00bb global_colors_info=\u00a0\u00bb{}\u00a0\u00bb custom_padding__hover=\u00a0\u00bb|||\u00a0\u00bb][et_pb_text _builder_version=\u00a0\u00bb4.24.3&Prime; _module_preset=\u00a0\u00bbdefault\u00a0\u00bb text_font=\u00a0\u00bbMontserrat||||||||\u00a0\u00bb text_text_color=\u00a0\u00bb#4C4C4C\u00a0\u00bb header_text_color=\u00a0\u00bb#234b5a\u00a0\u00bb header_2_font=\u00a0\u00bbMontserrat|800|on|on|||||\u00a0\u00bb header_2_text_color=\u00a0\u00bb#322d26&Prime; header_2_font_size=\u00a0\u00bb19px\u00a0\u00bb transform_translate=\u00a0\u00bb-30px|0px\u00a0\u00bb custom_margin=\u00a0\u00bb||5px||false|false\u00a0\u00bb custom_padding_tablet=\u00a0\u00bb|||55px|false|false\u00a0\u00bb custom_padding_phone=\u00a0\u00bb\u00a0\u00bb custom_padding_last_edited=\u00a0\u00bbon|desktop\u00a0\u00bb global_colors_info=\u00a0\u00bb{}\u00a0\u00bb]<\/p>\n<h2 style=\"text-align: left;\">Am\u00e9liorer le pouvoir d&rsquo;agir d&rsquo;adolescentes marginalis\u00e9es \/ N\u00e9pal<\/h2>\n<p>[\/et_pb_text][et_pb_text _builder_version=\u00a0\u00bb4.24.3&Prime; _module_preset=\u00a0\u00bbdefault\u00a0\u00bb text_font=\u00a0\u00bbMontserrat||||||||\u00a0\u00bb text_text_color=\u00a0\u00bb#322d26&Prime; text_font_size=\u00a0\u00bb15px\u00a0\u00bb background_color=\u00a0\u00bbRGBA(0,0,0,0)\u00a0\u00bb transform_translate=\u00a0\u00bb-37px|0px\u00a0\u00bb background_layout=\u00a0\u00bbdark\u00a0\u00bb max_width=\u00a0\u00bb100%\u00a0\u00bb max_height=\u00a0\u00bb100%\u00a0\u00bb custom_padding_tablet=\u00a0\u00bb|||60px|false|false\u00a0\u00bb custom_padding_phone=\u00a0\u00bb\u00a0\u00bb custom_padding_last_edited=\u00a0\u00bbon|desktop\u00a0\u00bb global_colors_info=\u00a0\u00bb{}\u00a0\u00bb]<\/p>\n<p>En 2021, Plan\u00e8te Enfants &amp; D\u00e9veloppement achevait la construction d&rsquo;un internat pour des adolescentes dans la r\u00e9gion montagneuse de Dhading. Ces filles, issues de l&rsquo;ethnie marginalis\u00e9e Chepang, courent un risque \u00e9lev\u00e9 d&rsquo;abandon scolaire d\u00e8s l&rsquo;\u00e2ge de 13-14 ans, en raison de la longue distance qui les s\u00e9pare du coll\u00e8ge, du manque de sensibilisation de leur famille \u00e0 l&rsquo;importance de l&rsquo;\u00e9ducation et de la pauvret\u00e9 dans laquelle elles vivent. Le d\u00e9crochage scolaire \u00e9tant souvent synonyme de travail, mariage et grossesse pr\u00e9coces. Aujourd&rsquo;hui, gr\u00e2ce \u00e0 ce foyer, une trentaine de jeunes filles continuent leurs \u00e9tudes, mais en raison de leur origine sociale et de leur situation \u00e9conomique, manquent de confiance en elles. Elev\u00e9es dans une soci\u00e9t\u00e9 patriarcale, ayant souvent subi des violences et des abus, en manque de conseils, beaucoup d&rsquo;entre elles ont une sant\u00e9 mentale fragile et ne voient pas la possibilit\u00e9 de changer leur avenir.<\/p>\n<p>Avec notre partenaire Chhori, organisation locale qui travaille avec les femmes et les filles depuis plus de 10 ans, nous voulons proposer une formation de d\u00e9veloppement personnel \u00e0 ces jeunes filles. Cette formation centr\u00e9e sur les changements li\u00e9s \u00e0 la pubert\u00e9 vise \u00e0 les aider \u00e0 mieux comprendre le corps f\u00e9minin, \u00e0 partager leurs craintes, questions et sentiments. En plus de la formation, les jeunes filles b\u00e9n\u00e9ficieront d&rsquo;un suivi psycho-social individuel et collectif, de cours de soutien scolaire et de s\u00e9ances de sensibilisation th\u00e9matiques.<\/p>\n<p><strong><span style=\"text-decoration: underline;\"><em>R\u00e9sultats attendus :<\/em><\/span> les jeunes filles, qui lib\u00e8rent leur parole, expriment leurs traumatismes et leurs \u00e9motions, retrouvent le chemin de l&rsquo;estime de soi. Par la prise de conscience des discriminations et des violences qu&rsquo;elles subissent, elles d\u00e9veloppent des comp\u00e9tences d&rsquo;autoprotection. Elles acqui\u00e8rent \u00e9galement des cl\u00e9s pour d\u00e9finir leurs objectifs de vie et les atteindre.<\/strong><\/p>\n<p>[\/et_pb_text][\/et_pb_column][et_pb_column type=\u00a0\u00bb1_4&Prime; _builder_version=\u00a0\u00bb4.16&Prime; custom_padding=\u00a0\u00bb|||\u00a0\u00bb global_colors_info=\u00a0\u00bb{}\u00a0\u00bb custom_padding__hover=\u00a0\u00bb|||\u00a0\u00bb][et_pb_testimonial author=\u00a0\u00bbPorte-parole : Hira Dahal\u00a0\u00bb job_title=\u00a0\u00bbDirectrice de Chhori\u00a0\u00bb portrait_url=\u00a0\u00bbhttps:\/\/agir.planete-eed.org\/120minutes\/wp-content\/uploads\/sites\/18\/2024\/10\/Hira-Dahal_Chhori.jpg\u00a0\u00bb portrait_width=\u00a0\u00bb100px\u00a0\u00bb portrait_height=\u00a0\u00bb100px\u00a0\u00bb _builder_version=\u00a0\u00bb4.24.3&Prime; _module_preset=\u00a0\u00bbdefault\u00a0\u00bb body_font_size=\u00a0\u00bb16px\u00a0\u00bb body_line_height=\u00a0\u00bb1.4em\u00a0\u00bb author_font_size=\u00a0\u00bb17px\u00a0\u00bb position_font_size=\u00a0\u00bb16px\u00a0\u00bb position_line_height=\u00a0\u00bb1.2em\u00a0\u00bb background_color=\u00a0\u00bb#FFFFFF\u00a0\u00bb global_colors_info=\u00a0\u00bb{}\u00a0\u00bb]<\/p>\n<p>Hira a fond\u00e9 Chhori en 2013, une organisation dirig\u00e9e par des femmes qui lutte contre les discriminations et les violences faites aux filles au N\u00e9pal. Son parcours a d\u00e9but\u00e9 en 2002 dans une organisation pour les survivants de la traite des \u00eatres humains. Nous collaborons avec Chhori depuis 20 ans pour l&rsquo;\u00e9ducation et l&rsquo;autonomisation des femmes.<\/p>\n<p>[\/et_pb_testimonial][\/et_pb_column][\/et_pb_row][et_pb_row _builder_version=\u00a0\u00bb4.16&Prime; _module_preset=\u00a0\u00bbdefault\u00a0\u00bb global_colors_info=\u00a0\u00bb{}\u00a0\u00bb][et_pb_column type=\u00a0\u00bb4_4&Prime; _builder_version=\u00a0\u00bb4.16&Prime; _module_preset=\u00a0\u00bbdefault\u00a0\u00bb global_colors_info=\u00a0\u00bb{}\u00a0\u00bb][et_pb_button button_url=\u00a0\u00bbhttps:\/\/don.planete-eed.org\/120minutes-pourlesenfants-2024&Prime; url_new_window=\u00a0\u00bbon\u00a0\u00bb button_text=\u00a0\u00bbFaire un don\u00a0\u00bb button_alignment=\u00a0\u00bbcenter\u00a0\u00bb _builder_version=\u00a0\u00bb4.24.3&Prime; _module_preset=\u00a0\u00bbdefault\u00a0\u00bb custom_button=\u00a0\u00bbon\u00a0\u00bb button_text_size=\u00a0\u00bb18px\u00a0\u00bb button_text_color=\u00a0\u00bb#FFFFFF\u00a0\u00bb button_bg_color=\u00a0\u00bb#F9B100&Prime; button_border_radius=\u00a0\u00bb5px\u00a0\u00bb button_font=\u00a0\u00bbMontserrat||||||||\u00a0\u00bb button_use_icon=\u00a0\u00bboff\u00a0\u00bb custom_padding_tablet=\u00a0\u00bb\u00a0\u00bb custom_padding_phone=\u00a0\u00bb|8%||8%|true|true\u00a0\u00bb custom_padding_last_edited=\u00a0\u00bbon|phone\u00a0\u00bb hover_enabled=\u00a0\u00bb0&Prime; box_shadow_style=\u00a0\u00bbpreset1&Prime; global_colors_info=\u00a0\u00bb{}\u00a0\u00bb sticky_enabled=\u00a0\u00bb0&Prime;][\/et_pb_button][\/et_pb_column][\/et_pb_row][\/et_pb_section][et_pb_section fb_built=\u00a0\u00bb1&Prime; custom_padding_last_edited=\u00a0\u00bbon|phone\u00a0\u00bb _builder_version=\u00a0\u00bb4.21.0&Prime; _module_preset=\u00a0\u00bbdefault\u00a0\u00bb background_color=\u00a0\u00bbrgba(76,76,76,0.15)\u00a0\u00bb max_width=\u00a0\u00bb100%\u00a0\u00bb max_height=\u00a0\u00bb100%\u00a0\u00bb custom_padding=\u00a0\u00bb0px||0px||false|false\u00a0\u00bb custom_padding_tablet=\u00a0\u00bb||8px||false|false\u00a0\u00bb custom_padding_phone=\u00a0\u00bb\u00a0\u00bb global_colors_info=\u00a0\u00bb{}\u00a0\u00bb][et_pb_row column_structure=\u00a0\u00bb2_5,3_5&Prime; _builder_version=\u00a0\u00bb4.16&Prime; _module_preset=\u00a0\u00bbdefault\u00a0\u00bb global_colors_info=\u00a0\u00bb{}\u00a0\u00bb][et_pb_column type=\u00a0\u00bb2_5&Prime; _builder_version=\u00a0\u00bb4.16&Prime; _module_preset=\u00a0\u00bbdefault\u00a0\u00bb global_colors_info=\u00a0\u00bb{}\u00a0\u00bb][et_pb_image src=\u00a0\u00bbhttps:\/\/agir.planete-eed.org\/120minutes\/wp-content\/uploads\/sites\/18\/2021\/10\/Nouveau-logo-PED_sans_fond.png\u00a0\u00bb alt=\u00a0\u00bbNouveau logo Plan\u00e8te Enfants &#038; D\u00e9veloppement\u00a0\u00bb title_text=\u00a0\u00bbNouveau logo PE&#038;D_sans_fond\u00a0\u00bb _builder_version=\u00a0\u00bb4.17.3&Prime; _module_preset=\u00a0\u00bbdefault\u00a0\u00bb global_colors_info=\u00a0\u00bb{}\u00a0\u00bb][\/et_pb_image][\/et_pb_column][et_pb_column type=\u00a0\u00bb3_5&Prime; _builder_version=\u00a0\u00bb4.16&Prime; _module_preset=\u00a0\u00bbdefault\u00a0\u00bb global_colors_info=\u00a0\u00bb{}\u00a0\u00bb][et_pb_text _builder_version=\u00a0\u00bb4.21.0&Prime; _module_preset=\u00a0\u00bbdefault\u00a0\u00bb text_font=\u00a0\u00bbMontserrat||||||||\u00a0\u00bb text_font_size=\u00a0\u00bb15px\u00a0\u00bb link_text_color=\u00a0\u00bb#FFFFFF\u00a0\u00bb link_font_size=\u00a0\u00bb16px\u00a0\u00bb global_colors_info=\u00a0\u00bb{}\u00a0\u00bb]<span style=\"color: #000000;\">Une question sur la soir\u00e9e, nos projets, l\u2019association : contactez Myl\u00e8ne Mass\u00e9, Responsable Philanthropie, <\/span><a href=\"mailto:mylene.masse@planete-eed.org\"><span style=\"color: #000000;\">mylene.masse@planete-eed.org<\/span><\/a>[\/et_pb_text][et_pb_social_media_follow _builder_version=\u00a0\u00bb4.24.3&Prime; _module_preset=\u00a0\u00bbdefault\u00a0\u00bb text_orientation=\u00a0\u00bbright\u00a0\u00bb global_colors_info=\u00a0\u00bb{}\u00a0\u00bb][et_pb_social_media_follow_network social_network=\u00a0\u00bblinkedin\u00a0\u00bb url=\u00a0\u00bbhttps:\/\/www.linkedin.com\/company\/plan\u00e8te-enfants\u00a0\u00bb _builder_version=\u00a0\u00bb4.16&Prime; _module_preset=\u00a0\u00bbdefault\u00a0\u00bb background_color=\u00a0\u00bb#007bb6&Prime; global_colors_info=\u00a0\u00bb{}\u00a0\u00bb follow_button=\u00a0\u00bboff\u00a0\u00bb url_new_window=\u00a0\u00bbon\u00a0\u00bb]linkedin[\/et_pb_social_media_follow_network][et_pb_social_media_follow_network social_network=\u00a0\u00bbfacebook\u00a0\u00bb url=\u00a0\u00bbhttps:\/\/www.facebook.com\/PlaneteEnfantsDeveloppement\/\u00a0\u00bb _builder_version=\u00a0\u00bb4.16&Prime; _module_preset=\u00a0\u00bbdefault\u00a0\u00bb background_color=\u00a0\u00bb#3b5998&Prime; global_colors_info=\u00a0\u00bb{}\u00a0\u00bb follow_button=\u00a0\u00bboff\u00a0\u00bb url_new_window=\u00a0\u00bbon\u00a0\u00bb]facebook[\/et_pb_social_media_follow_network][et_pb_social_media_follow_network social_network=\u00a0\u00bbinstagram\u00a0\u00bb url=\u00a0\u00bbhttps:\/\/www.instagram.com\/planeteenfantsdeveloppement\/\u00a0\u00bb _builder_version=\u00a0\u00bb4.16&Prime; _module_preset=\u00a0\u00bbdefault\u00a0\u00bb background_color=\u00a0\u00bb#ea2c59&Prime; global_colors_info=\u00a0\u00bb{}\u00a0\u00bb follow_button=\u00a0\u00bboff\u00a0\u00bb url_new_window=\u00a0\u00bbon\u00a0\u00bb]instagram[\/et_pb_social_media_follow_network][et_pb_social_media_follow_network social_network=\u00a0\u00bbyoutube\u00a0\u00bb url=\u00a0\u00bbhttps:\/\/www.youtube.com\/user\/AssoPlaneteEnfants\u00a0\u00bb _builder_version=\u00a0\u00bb4.24.3&Prime; _module_preset=\u00a0\u00bbdefault\u00a0\u00bb background_color=\u00a0\u00bb#a82400&Prime; global_colors_info=\u00a0\u00bb{}\u00a0\u00bb follow_button=\u00a0\u00bboff\u00a0\u00bb url_new_window=\u00a0\u00bbon\u00a0\u00bb]youtube[\/et_pb_social_media_follow_network][\/et_pb_social_media_follow][et_pb_text _builder_version=\u00a0\u00bb4.24.3&Prime; _module_preset=\u00a0\u00bbdefault\u00a0\u00bb text_font_size=\u00a0\u00bb15px\u00a0\u00bb global_colors_info=\u00a0\u00bb{}\u00a0\u00bb]<\/p>\n<p>\u00a9 2024 &#8211; Plan\u00e8te Enfants &amp; D\u00e9veloppement, 53 Bd de Charonne, 75011 Paris<\/p>\n<p>[\/et_pb_text][\/et_pb_column][\/et_pb_row][\/et_pb_section]<\/p>\n","protected":false},"excerpt":{"rendered":"<p>L&rsquo;\u00e9dition 2024Accompagner 13 cr\u00e8ches municipales vers l&rsquo;autonomie en maintenant un service de qualit\u00e9 \/ CambodgeLes syst\u00e8mes de garde collectifs des jeunes enfants, priv\u00e9s et peu abordables, restent rares au Cambodge. Pourtant, les parents sont de plus en plus r\u00e9ticents \u00e0 confier leurs enfants \u00e0 des grands-parents qu&rsquo;ils disent \u00ab\u00a0d\u00e9pass\u00e9s\u00a0\u00bb ou encore \u00e0 des fr\u00e8res et [&hellip;]<\/p>\n","protected":false},"author":11,"featured_media":3762,"parent":0,"menu_order":0,"comment_status":"closed","ping_status":"closed","template":"","meta":{"_et_pb_use_builder":"on","_et_pb_old_content":"","_et_gb_content_width":"","footnotes":""},"class_list":["post-3979","page","type-page","status-publish","has-post-thumbnail","hentry"],"yoast_head":"<!-- This site is optimized with the Yoast SEO plugin v27.5 - https:\/\/yoast.com\/product\/yoast-seo-wordpress\/ -->\n<title>Soir\u00e9e Plan\u00e8te Enfants &amp; D\u00e9veloppement 2023<\/title>\n<meta name=\"description\" content=\"La soir\u00e9e Plan\u00e8te Enfants &amp; D\u00e9veloppement, 120&#039; pour l&#039;avenir de nos enfants, se d\u00e9roulera cet automne \u00e0 Paris. D\u00e9couvrez les projets\" \/>\n<meta name=\"robots\" content=\"index, follow, max-snippet:-1, max-image-preview:large, max-video-preview:-1\" \/>\n<link rel=\"canonical\" href=\"https:\/\/agir.planete-eed.org\/120minutes\/projets-2024\/\" \/>\n<meta property=\"og:locale\" content=\"fr_FR\" \/>\n<meta property=\"og:type\" content=\"article\" \/>\n<meta property=\"og:title\" content=\"120&#039; POUR L&#039;AVENIR DE NOS ENFANTS\" \/>\n<meta property=\"og:description\" content=\"Une soir\u00e9e de g\u00e9n\u00e9rosit\u00e9 au profit des enfants d\u00e9favoris\u00e9s du monde, le 21 octobre 2021 \u00e0 Paris. Un \u00e9v\u00e9nement Plan\u00e8te Enfants &amp; D\u00e9veloppement\" \/>\n<meta property=\"og:url\" content=\"https:\/\/agir.planete-eed.org\/120minutes\/projets-2024\/\" \/>\n<meta property=\"og:site_name\" content=\"120 minutes pour l&#039;avenir de nos enfants\" \/>\n<meta property=\"article:publisher\" content=\"https:\/\/www.facebook.com\/PlaneteEnfantsDeveloppement\/\" \/>\n<meta property=\"article:modified_time\" content=\"2024-10-31T16:56:56+00:00\" \/>\n<meta property=\"og:image\" content=\"https:\/\/agir.planete-eed.org\/120minutes\/wp-content\/uploads\/sites\/18\/2023\/05\/Minisite-120mn-2023_PEED-scaled.jpg\" \/>\n\t<meta property=\"og:image:width\" content=\"2560\" \/>\n\t<meta property=\"og:image:height\" content=\"1772\" \/>\n\t<meta property=\"og:image:type\" content=\"image\/jpeg\" \/>\n<meta name=\"twitter:card\" content=\"summary_large_image\" \/>\n<meta name=\"twitter:title\" content=\"120&#039; POUR L&#039;AVENIR DE NOS ENFANTS\" \/>\n<meta name=\"twitter:description\" content=\"Une soir\u00e9e de g\u00e9n\u00e9rosit\u00e9 au profit des enfants d\u00e9favoris\u00e9s du monde, le 21 octobre 2021 \u00e0 Paris. Un \u00e9v\u00e9nement Plan\u00e8te Enfants &amp; D\u00e9veloppement\" \/>\n<meta name=\"twitter:site\" content=\"@PlaneteEED\" \/>\n<meta name=\"twitter:label1\" content=\"Dur\u00e9e de lecture estim\u00e9e\" \/>\n\t<meta name=\"twitter:data1\" content=\"3 minutes\" \/>\n<script type=\"application\/ld+json\" class=\"yoast-schema-graph\">{\"@context\":\"https:\\\/\\\/schema.org\",\"@graph\":[{\"@type\":\"WebPage\",\"@id\":\"https:\\\/\\\/agir.planete-eed.org\\\/120minutes\\\/projets-2024\\\/\",\"url\":\"https:\\\/\\\/agir.planete-eed.org\\\/120minutes\\\/projets-2024\\\/\",\"name\":\"Soir\u00e9e Plan\u00e8te Enfants & D\u00e9veloppement 2023\",\"isPartOf\":{\"@id\":\"https:\\\/\\\/agir.planete-eed.org\\\/120minutes\\\/#website\"},\"primaryImageOfPage\":{\"@id\":\"https:\\\/\\\/agir.planete-eed.org\\\/120minutes\\\/projets-2024\\\/#primaryimage\"},\"image\":{\"@id\":\"https:\\\/\\\/agir.planete-eed.org\\\/120minutes\\\/projets-2024\\\/#primaryimage\"},\"thumbnailUrl\":\"https:\\\/\\\/agir.planete-eed.org\\\/120minutes\\\/wp-content\\\/uploads\\\/sites\\\/18\\\/2023\\\/05\\\/Minisite-120mn-2023_PEED-scaled.jpg\",\"datePublished\":\"2024-06-18T16:58:29+00:00\",\"dateModified\":\"2024-10-31T16:56:56+00:00\",\"description\":\"La soir\u00e9e Plan\u00e8te Enfants & D\u00e9veloppement, 120' pour l'avenir de nos enfants, se d\u00e9roulera cet automne \u00e0 Paris. D\u00e9couvrez les projets\",\"breadcrumb\":{\"@id\":\"https:\\\/\\\/agir.planete-eed.org\\\/120minutes\\\/projets-2024\\\/#breadcrumb\"},\"inLanguage\":\"fr-FR\",\"potentialAction\":[{\"@type\":\"ReadAction\",\"target\":[\"https:\\\/\\\/agir.planete-eed.org\\\/120minutes\\\/projets-2024\\\/\"]}]},{\"@type\":\"ImageObject\",\"inLanguage\":\"fr-FR\",\"@id\":\"https:\\\/\\\/agir.planete-eed.org\\\/120minutes\\\/projets-2024\\\/#primaryimage\",\"url\":\"https:\\\/\\\/agir.planete-eed.org\\\/120minutes\\\/wp-content\\\/uploads\\\/sites\\\/18\\\/2023\\\/05\\\/Minisite-120mn-2023_PEED-scaled.jpg\",\"contentUrl\":\"https:\\\/\\\/agir.planete-eed.org\\\/120minutes\\\/wp-content\\\/uploads\\\/sites\\\/18\\\/2023\\\/05\\\/Minisite-120mn-2023_PEED-scaled.jpg\",\"width\":2560,\"height\":1772,\"caption\":\"Une soir\u00e9e caritative de Plan\u00e8te Enfants & D\u00e9veloppement en 2023\"},{\"@type\":\"BreadcrumbList\",\"@id\":\"https:\\\/\\\/agir.planete-eed.org\\\/120minutes\\\/projets-2024\\\/#breadcrumb\",\"itemListElement\":[{\"@type\":\"ListItem\",\"position\":1,\"name\":\"Accueil\",\"item\":\"https:\\\/\\\/agir.planete-eed.org\\\/120minutes\\\/\"},{\"@type\":\"ListItem\",\"position\":2,\"name\":\"Les projets 2024\"}]},{\"@type\":\"WebSite\",\"@id\":\"https:\\\/\\\/agir.planete-eed.org\\\/120minutes\\\/#website\",\"url\":\"https:\\\/\\\/agir.planete-eed.org\\\/120minutes\\\/\",\"name\":\"120 minutes pour l&#039;avenir de nos enfants\",\"description\":\"Aidez Plan\u00e8te Enfants &amp; D\u00e9veloppement\",\"publisher\":{\"@id\":\"https:\\\/\\\/agir.planete-eed.org\\\/120minutes\\\/#organization\"},\"potentialAction\":[{\"@type\":\"SearchAction\",\"target\":{\"@type\":\"EntryPoint\",\"urlTemplate\":\"https:\\\/\\\/agir.planete-eed.org\\\/120minutes\\\/?s={search_term_string}\"},\"query-input\":{\"@type\":\"PropertyValueSpecification\",\"valueRequired\":true,\"valueName\":\"search_term_string\"}}],\"inLanguage\":\"fr-FR\"},{\"@type\":\"Organization\",\"@id\":\"https:\\\/\\\/agir.planete-eed.org\\\/120minutes\\\/#organization\",\"name\":\"Plan\u00e8te Enfants & D\u00e9veloppement\",\"url\":\"https:\\\/\\\/agir.planete-eed.org\\\/120minutes\\\/\",\"logo\":{\"@type\":\"ImageObject\",\"inLanguage\":\"fr-FR\",\"@id\":\"https:\\\/\\\/agir.planete-eed.org\\\/120minutes\\\/#\\\/schema\\\/logo\\\/image\\\/\",\"url\":\"https:\\\/\\\/agir.planete-eed.org\\\/lutte-exploitation\\\/wp-content\\\/uploads\\\/sites\\\/15\\\/2020\\\/10\\\/logo.png\",\"contentUrl\":\"https:\\\/\\\/agir.planete-eed.org\\\/lutte-exploitation\\\/wp-content\\\/uploads\\\/sites\\\/15\\\/2020\\\/10\\\/logo.png\",\"width\":343,\"height\":147,\"caption\":\"Plan\u00e8te Enfants & D\u00e9veloppement\"},\"image\":{\"@id\":\"https:\\\/\\\/agir.planete-eed.org\\\/120minutes\\\/#\\\/schema\\\/logo\\\/image\\\/\"},\"sameAs\":[\"https:\\\/\\\/www.facebook.com\\\/PlaneteEnfantsDeveloppement\\\/\",\"https:\\\/\\\/x.com\\\/PlaneteEED\",\"https:\\\/\\\/www.instagram.com\\\/planeteenfantsdeveloppement\\\/\",\"https:\\\/\\\/www.linkedin.com\\\/company\\\/plan\u00e8te-enfants\\\/\",\"https:\\\/\\\/www.youtube.com\\\/user\\\/AssoPlaneteEnfants\"]}]}<\/script>\n<!-- \/ Yoast SEO plugin. -->","yoast_head_json":{"title":"Soir\u00e9e Plan\u00e8te Enfants & D\u00e9veloppement 2023","description":"La soir\u00e9e Plan\u00e8te Enfants & D\u00e9veloppement, 120' pour l'avenir de nos enfants, se d\u00e9roulera cet automne \u00e0 Paris. D\u00e9couvrez les projets","robots":{"index":"index","follow":"follow","max-snippet":"max-snippet:-1","max-image-preview":"max-image-preview:large","max-video-preview":"max-video-preview:-1"},"canonical":"https:\/\/agir.planete-eed.org\/120minutes\/projets-2024\/","og_locale":"fr_FR","og_type":"article","og_title":"120' POUR L'AVENIR DE NOS ENFANTS","og_description":"Une soir\u00e9e de g\u00e9n\u00e9rosit\u00e9 au profit des enfants d\u00e9favoris\u00e9s du monde, le 21 octobre 2021 \u00e0 Paris. Un \u00e9v\u00e9nement Plan\u00e8te Enfants & D\u00e9veloppement","og_url":"https:\/\/agir.planete-eed.org\/120minutes\/projets-2024\/","og_site_name":"120 minutes pour l&#039;avenir de nos enfants","article_publisher":"https:\/\/www.facebook.com\/PlaneteEnfantsDeveloppement\/","article_modified_time":"2024-10-31T16:56:56+00:00","og_image":[{"width":2560,"height":1772,"url":"https:\/\/agir.planete-eed.org\/120minutes\/wp-content\/uploads\/sites\/18\/2023\/05\/Minisite-120mn-2023_PEED-scaled.jpg","type":"image\/jpeg"}],"twitter_card":"summary_large_image","twitter_title":"120' POUR L'AVENIR DE NOS ENFANTS","twitter_description":"Une soir\u00e9e de g\u00e9n\u00e9rosit\u00e9 au profit des enfants d\u00e9favoris\u00e9s du monde, le 21 octobre 2021 \u00e0 Paris. Un \u00e9v\u00e9nement Plan\u00e8te Enfants & D\u00e9veloppement","twitter_site":"@PlaneteEED","twitter_misc":{"Dur\u00e9e de lecture estim\u00e9e":"3 minutes"},"schema":{"@context":"https:\/\/schema.org","@graph":[{"@type":"WebPage","@id":"https:\/\/agir.planete-eed.org\/120minutes\/projets-2024\/","url":"https:\/\/agir.planete-eed.org\/120minutes\/projets-2024\/","name":"Soir\u00e9e Plan\u00e8te Enfants & D\u00e9veloppement 2023","isPartOf":{"@id":"https:\/\/agir.planete-eed.org\/120minutes\/#website"},"primaryImageOfPage":{"@id":"https:\/\/agir.planete-eed.org\/120minutes\/projets-2024\/#primaryimage"},"image":{"@id":"https:\/\/agir.planete-eed.org\/120minutes\/projets-2024\/#primaryimage"},"thumbnailUrl":"https:\/\/agir.planete-eed.org\/120minutes\/wp-content\/uploads\/sites\/18\/2023\/05\/Minisite-120mn-2023_PEED-scaled.jpg","datePublished":"2024-06-18T16:58:29+00:00","dateModified":"2024-10-31T16:56:56+00:00","description":"La soir\u00e9e Plan\u00e8te Enfants & D\u00e9veloppement, 120' pour l'avenir de nos enfants, se d\u00e9roulera cet automne \u00e0 Paris. D\u00e9couvrez les projets","breadcrumb":{"@id":"https:\/\/agir.planete-eed.org\/120minutes\/projets-2024\/#breadcrumb"},"inLanguage":"fr-FR","potentialAction":[{"@type":"ReadAction","target":["https:\/\/agir.planete-eed.org\/120minutes\/projets-2024\/"]}]},{"@type":"ImageObject","inLanguage":"fr-FR","@id":"https:\/\/agir.planete-eed.org\/120minutes\/projets-2024\/#primaryimage","url":"https:\/\/agir.planete-eed.org\/120minutes\/wp-content\/uploads\/sites\/18\/2023\/05\/Minisite-120mn-2023_PEED-scaled.jpg","contentUrl":"https:\/\/agir.planete-eed.org\/120minutes\/wp-content\/uploads\/sites\/18\/2023\/05\/Minisite-120mn-2023_PEED-scaled.jpg","width":2560,"height":1772,"caption":"Une soir\u00e9e caritative de Plan\u00e8te Enfants & D\u00e9veloppement en 2023"},{"@type":"BreadcrumbList","@id":"https:\/\/agir.planete-eed.org\/120minutes\/projets-2024\/#breadcrumb","itemListElement":[{"@type":"ListItem","position":1,"name":"Accueil","item":"https:\/\/agir.planete-eed.org\/120minutes\/"},{"@type":"ListItem","position":2,"name":"Les projets 2024"}]},{"@type":"WebSite","@id":"https:\/\/agir.planete-eed.org\/120minutes\/#website","url":"https:\/\/agir.planete-eed.org\/120minutes\/","name":"120 minutes pour l&#039;avenir de nos enfants","description":"Aidez Plan\u00e8te Enfants &amp; D\u00e9veloppement","publisher":{"@id":"https:\/\/agir.planete-eed.org\/120minutes\/#organization"},"potentialAction":[{"@type":"SearchAction","target":{"@type":"EntryPoint","urlTemplate":"https:\/\/agir.planete-eed.org\/120minutes\/?s={search_term_string}"},"query-input":{"@type":"PropertyValueSpecification","valueRequired":true,"valueName":"search_term_string"}}],"inLanguage":"fr-FR"},{"@type":"Organization","@id":"https:\/\/agir.planete-eed.org\/120minutes\/#organization","name":"Plan\u00e8te Enfants & D\u00e9veloppement","url":"https:\/\/agir.planete-eed.org\/120minutes\/","logo":{"@type":"ImageObject","inLanguage":"fr-FR","@id":"https:\/\/agir.planete-eed.org\/120minutes\/#\/schema\/logo\/image\/","url":"https:\/\/agir.planete-eed.org\/lutte-exploitation\/wp-content\/uploads\/sites\/15\/2020\/10\/logo.png","contentUrl":"https:\/\/agir.planete-eed.org\/lutte-exploitation\/wp-content\/uploads\/sites\/15\/2020\/10\/logo.png","width":343,"height":147,"caption":"Plan\u00e8te Enfants & D\u00e9veloppement"},"image":{"@id":"https:\/\/agir.planete-eed.org\/120minutes\/#\/schema\/logo\/image\/"},"sameAs":["https:\/\/www.facebook.com\/PlaneteEnfantsDeveloppement\/","https:\/\/x.com\/PlaneteEED","https:\/\/www.instagram.com\/planeteenfantsdeveloppement\/","https:\/\/www.linkedin.com\/company\/plan\u00e8te-enfants\/","https:\/\/www.youtube.com\/user\/AssoPlaneteEnfants"]}]}},"_links":{"self":[{"href":"https:\/\/agir.planete-eed.org\/120minutes\/wp-json\/wp\/v2\/pages\/3979","targetHints":{"allow":["GET"]}}],"collection":[{"href":"https:\/\/agir.planete-eed.org\/120minutes\/wp-json\/wp\/v2\/pages"}],"about":[{"href":"https:\/\/agir.planete-eed.org\/120minutes\/wp-json\/wp\/v2\/types\/page"}],"author":[{"embeddable":true,"href":"https:\/\/agir.planete-eed.org\/120minutes\/wp-json\/wp\/v2\/users\/11"}],"replies":[{"embeddable":true,"href":"https:\/\/agir.planete-eed.org\/120minutes\/wp-json\/wp\/v2\/comments?post=3979"}],"version-history":[{"count":31,"href":"https:\/\/agir.planete-eed.org\/120minutes\/wp-json\/wp\/v2\/pages\/3979\/revisions"}],"predecessor-version":[{"id":4123,"href":"https:\/\/agir.planete-eed.org\/120minutes\/wp-json\/wp\/v2\/pages\/3979\/revisions\/4123"}],"wp:featuredmedia":[{"embeddable":true,"href":"https:\/\/agir.planete-eed.org\/120minutes\/wp-json\/wp\/v2\/media\/3762"}],"wp:attachment":[{"href":"https:\/\/agir.planete-eed.org\/120minutes\/wp-json\/wp\/v2\/media?parent=3979"}],"curies":[{"name":"wp","href":"https:\/\/api.w.org\/{rel}","templated":true}]}}